{"id":343,"date":"2019-02-08T10:48:27","date_gmt":"2019-02-08T10:48:27","guid":{"rendered":"https:\/\/try.chethemes.com\/vodi\/?page_id=343"},"modified":"2023-09-06T08:41:46","modified_gmt":"2023-09-06T08:41:46","slug":"home-v1","status":"publish","type":"page","link":"https:\/\/cifetv.up-cife.com\/","title":{"rendered":"CIFE TV"},"content":{"rendered":"<div id=\"movies-sliders-69f12fb41a9db\" class=\"movies-sliders @media (min-width: 1200px) .movies-sliders.style-v2 .single-featured-movie .movie__link h3 { font-size: 60px; } style-v2\" >\n                    <div class=\"movies-sliders-single-content\" data-ride=\"vodi-slick-carousel\" data-wrap=\".movies-sliders-single-content__inner\" data-slick=\"{&quot;infinite&quot;:false,&quot;slidesToShow&quot;:1,&quot;slidesToScroll&quot;:1,&quot;arrows&quot;:false,&quot;asNavFor&quot;:&quot;#movies-sliders-69f12fb41a9db .movies-sliders-gallery-images__inner&quot;}\">\n                        <div class=\"movies-sliders-single-content__inner\">\n                            <div class=\"movie-slide\"  style=\" background-size: cover; background-image: url( https:\/\/i0.wp.com\/cifetv.up-cife.com\/wp-content\/uploads\/2023\/06\/home-slider-evento-aps.webp?fit=1920%2C676&#038;ssl=1 ); height: 676px;\">\n                                                <div class=\"container\">\n                                                    <div class=\"single-featured-movie\">\n                                                        <div class=\"single-featured-movie__inner\">\n                                                            <a href=\"https:\/\/cifetv.up-cife.com\/?movie=herramientas-tecnologicas-para-pymes-2\" class=\"masvideos-LoopMovie-link masvideos-loop-movie__link movie__link\"><h3 class=\"masvideos-loop-movie__title  movie__title\">Herramientas tecnol\u00f3gicas para PYMES<\/h3><\/a><div class=\"movie__meta\"><span class=\"movie__meta--release-year\">2023<\/span><span class=\"movie__meta--genre\"><a href=\"https:\/\/cifetv.up-cife.com\/?movie_genre=empleo\" rel=\"tag\">Empleo<\/a>, <a href=\"https:\/\/cifetv.up-cife.com\/?movie_genre=formacion\" rel=\"tag\">Formaci\u00f3n<\/a><\/span><\/div><div class=\"movie__actions\"><a href=\"https:\/\/cifetv.up-cife.com\/?movie=herramientas-tecnologicas-para-pymes-2\" class=\"movie-actions--link_watch\">Ver ahora<\/a><\/div>                                                        <\/div>\n                                                    <\/div>\n                                                <\/div>\n                                            <\/div><div class=\"movie-slide\"  style=\" background-size: cover; background-image: url( https:\/\/i0.wp.com\/cifetv.up-cife.com\/wp-content\/uploads\/2023\/07\/home_slider.png?fit=1920%2C676&#038;ssl=1 ); height: 676px;\">\n                                                <div class=\"container\">\n                                                    <div class=\"single-featured-movie\">\n                                                        <div class=\"single-featured-movie__inner\">\n                                                            <a href=\"https:\/\/cifetv.up-cife.com\/?movie=noche-de-bandas-sonoras-inolvidables\" class=\"masvideos-LoopMovie-link masvideos-loop-movie__link movie__link\"><h3 class=\"masvideos-loop-movie__title  movie__title\">Noche de bandas sonoras inolvidables<\/h3><\/a><div class=\"movie__meta\"><span class=\"movie__meta--genre\"><a href=\"https:\/\/cifetv.up-cife.com\/?movie_genre=clasico\" rel=\"tag\">Cl\u00e1sico<\/a>, <a href=\"https:\/\/cifetv.up-cife.com\/?movie_genre=cultura\" rel=\"tag\">Cultura<\/a>, <a href=\"https:\/\/cifetv.up-cife.com\/?movie_genre=en-directo\" rel=\"tag\">En directo<\/a><\/span><\/div><div class=\"movie__actions\"><a href=\"https:\/\/cifetv.up-cife.com\/?movie=noche-de-bandas-sonoras-inolvidables\" class=\"movie-actions--link_watch\">Ver ahora<\/a><\/div>                                                        <\/div>\n                                                    <\/div>\n                                                <\/div>\n                                            <\/div><div class=\"movie-slide\"  style=\" background-size: cover; background-image: url( https:\/\/i0.wp.com\/cifetv.up-cife.com\/wp-content\/uploads\/2023\/03\/home_slider-copia.webp?fit=1920%2C676&#038;ssl=1 ); height: 676px;\">\n                                                <div class=\"container\">\n                                                    <div class=\"single-featured-movie\">\n                                                        <div class=\"single-featured-movie__inner\">\n                                                            <a href=\"https:\/\/cifetv.up-cife.com\/?movie=estrategias-de-proteccion-de-personas-defensoras-de-derechos-humanos\" class=\"masvideos-LoopMovie-link masvideos-loop-movie__link movie__link\"><h3 class=\"masvideos-loop-movie__title  movie__title\">Estrategias de protecci\u00f3n de personas <br> defensoras de derechos humanos.<\/h3><\/a><div class=\"movie__meta\"><span class=\"movie__meta--release-year\">2023<\/span><span class=\"movie__meta--genre\"><a href=\"https:\/\/cifetv.up-cife.com\/?movie_genre=en-directo\" rel=\"tag\">En directo<\/a><\/span><\/div><div class=\"movie__actions\"><a href=\"https:\/\/cifetv.up-cife.com\/?movie=estrategias-de-proteccion-de-personas-defensoras-de-derechos-humanos\" class=\"movie-actions--link_watch\">Ver ahora<\/a><\/div>                                                        <\/div>\n                                                    <\/div>\n                                                <\/div>\n                                            <\/div><div class=\"movie-slide\"  style=\" background-size: cover; background-image: url( https:\/\/i0.wp.com\/cifetv.up-cife.com\/wp-content\/uploads\/2023\/09\/home_slider-flamenco.png?fit=1920%2C676&#038;ssl=1 ); height: 676px;\">\n                                                <div class=\"container\">\n                                                    <div class=\"single-featured-movie\">\n                                                        <div class=\"single-featured-movie__inner\">\n                                                            <a href=\"https:\/\/cifetv.up-cife.com\/?movie=la-verbena-del-folklore-al-flamenco\" class=\"masvideos-LoopMovie-link masvideos-loop-movie__link movie__link\"><h3 class=\"masvideos-loop-movie__title  movie__title\">La Verbena del Folklore al Flamenco.<\/h3><\/a><div class=\"movie__meta\"><\/div><div class=\"movie__actions\"><a href=\"https:\/\/cifetv.up-cife.com\/?movie=la-verbena-del-folklore-al-flamenco\" class=\"movie-actions--link_watch\">Ver ahora<\/a><\/div>                                                        <\/div>\n                                                    <\/div>\n                                                <\/div>\n                                            <\/div><div class=\"movie-slide\"  style=\" background-size: cover; background-image: url( https:\/\/i0.wp.com\/cifetv.up-cife.com\/wp-content\/uploads\/2023\/05\/home-slider-peneque.webp?fit=1920%2C676&#038;ssl=1 ); height: 676px;\">\n                                                <div class=\"container\">\n                                                    <div class=\"single-featured-movie\">\n                                                        <div class=\"single-featured-movie__inner\">\n                                                            <a href=\"https:\/\/cifetv.up-cife.com\/?movie=en-d\" class=\"masvideos-LoopMovie-link masvideos-loop-movie__link movie__link\"><h3 class=\"masvideos-loop-movie__title  movie__title\">En directo: <br> Peneque y el tesoro perdido.<\/h3><\/a><div class=\"movie__meta\"><span class=\"movie__meta--release-year\">2023<\/span><span class=\"movie__meta--genre\"><a href=\"https:\/\/cifetv.up-cife.com\/?movie_genre=cultura\" rel=\"tag\">Cultura<\/a>, <a href=\"https:\/\/cifetv.up-cife.com\/?movie_genre=en-directo\" rel=\"tag\">En directo<\/a><\/span><\/div><div class=\"movie__actions\"><a href=\"https:\/\/cifetv.up-cife.com\/?movie=en-d\" class=\"movie-actions--link_watch\">Ver ahora<\/a><\/div>                                                        <\/div>\n                                                    <\/div>\n                                                <\/div>\n                                            <\/div>                        <\/div>\n                    <\/div>\n                    <div class=\"movies-sliders-gallery-images-wrap\">\n                        <h4 class=\"gallery-title\">Todays Recommendation<\/h4>                        <div class=\"movies-sliders-gallery-images\" data-ride=\"vodi-slick-carousel\" data-wrap=\".movies-sliders-gallery-images__inner\" data-slick=\"{&quot;infinite&quot;:false,&quot;slidesToShow&quot;:6,&quot;slidesToScroll&quot;:1,&quot;arrows&quot;:true,&quot;dots&quot;:false,&quot;focusOnSelect&quot;:true,&quot;touchMove&quot;:true,&quot;asNavFor&quot;:&quot;#movies-sliders-69f12fb41a9db .movies-sliders-single-content__inner&quot;,&quot;responsive&quot;:[{&quot;breakpoint&quot;:767,&quot;settings&quot;:{&quot;slidesToShow&quot;:3}}]}\">\n                            <div class=\"movies-sliders-gallery-images__inner\">\n                                <figure class=\"movie-slide-gallery-image\" data-thumb=\"0\">\n                                                <img width=\"110\" height=\"69\" src=\"https:\/\/i0.wp.com\/cifetv.up-cife.com\/wp-content\/uploads\/2023\/06\/thumbnail-slider-evento-pymes.webp?fit=110%2C69&amp;ssl=1\" class=\"movsie-slide-gallery-image\" alt=\"\" decoding=\"async\" loading=\"lazy\" srcset=\"https:\/\/i0.wp.com\/cifetv.up-cife.com\/wp-content\/uploads\/2023\/06\/thumbnail-slider-evento-pymes.webp?w=110&amp;ssl=1 110w, https:\/\/i0.wp.com\/cifetv.up-cife.com\/wp-content\/uploads\/2023\/06\/thumbnail-slider-evento-pymes.webp?resize=24%2C15&amp;ssl=1 24w, https:\/\/i0.wp.com\/cifetv.up-cife.com\/wp-content\/uploads\/2023\/06\/thumbnail-slider-evento-pymes.webp?resize=36%2C23&amp;ssl=1 36w, https:\/\/i0.wp.com\/cifetv.up-cife.com\/wp-content\/uploads\/2023\/06\/thumbnail-slider-evento-pymes.webp?resize=48%2C30&amp;ssl=1 48w\" sizes=\"(max-width: 110px) 100vw, 110px\" \/>                                            <\/figure><figure class=\"movie-slide-gallery-image\" data-thumb=\"1\">\n                                                <img width=\"110\" height=\"69\" src=\"https:\/\/i0.wp.com\/cifetv.up-cife.com\/wp-content\/uploads\/2023\/07\/Sin-titulo-1.png?fit=110%2C69&amp;ssl=1\" class=\"movsie-slide-gallery-image\" alt=\"\" decoding=\"async\" loading=\"lazy\" srcset=\"https:\/\/i0.wp.com\/cifetv.up-cife.com\/wp-content\/uploads\/2023\/07\/Sin-titulo-1.png?w=110&amp;ssl=1 110w, https:\/\/i0.wp.com\/cifetv.up-cife.com\/wp-content\/uploads\/2023\/07\/Sin-titulo-1.png?resize=24%2C15&amp;ssl=1 24w, https:\/\/i0.wp.com\/cifetv.up-cife.com\/wp-content\/uploads\/2023\/07\/Sin-titulo-1.png?resize=36%2C23&amp;ssl=1 36w, https:\/\/i0.wp.com\/cifetv.up-cife.com\/wp-content\/uploads\/2023\/07\/Sin-titulo-1.png?resize=48%2C30&amp;ssl=1 48w\" sizes=\"(max-width: 110px) 100vw, 110px\" \/>                                            <\/figure><figure class=\"movie-slide-gallery-image\" data-thumb=\"2\">\n                                                <img width=\"348\" height=\"218\" src=\"https:\/\/i0.wp.com\/cifetv.up-cife.com\/wp-content\/uploads\/2023\/03\/thumbnail-slider-jornadas-igualdad.webp?fit=348%2C218&amp;ssl=1\" class=\"movsie-slide-gallery-image\" alt=\"\" decoding=\"async\" loading=\"lazy\" srcset=\"https:\/\/i0.wp.com\/cifetv.up-cife.com\/wp-content\/uploads\/2023\/03\/thumbnail-slider-jornadas-igualdad.webp?w=348&amp;ssl=1 348w, https:\/\/i0.wp.com\/cifetv.up-cife.com\/wp-content\/uploads\/2023\/03\/thumbnail-slider-jornadas-igualdad.webp?resize=300%2C188&amp;ssl=1 300w, https:\/\/i0.wp.com\/cifetv.up-cife.com\/wp-content\/uploads\/2023\/03\/thumbnail-slider-jornadas-igualdad.webp?resize=24%2C15&amp;ssl=1 24w, https:\/\/i0.wp.com\/cifetv.up-cife.com\/wp-content\/uploads\/2023\/03\/thumbnail-slider-jornadas-igualdad.webp?resize=36%2C23&amp;ssl=1 36w, https:\/\/i0.wp.com\/cifetv.up-cife.com\/wp-content\/uploads\/2023\/03\/thumbnail-slider-jornadas-igualdad.webp?resize=48%2C30&amp;ssl=1 48w\" sizes=\"(max-width: 348px) 100vw, 348px\" \/>                                            <\/figure><figure class=\"movie-slide-gallery-image\" data-thumb=\"3\">\n                                                <img width=\"110\" height=\"69\" src=\"https:\/\/i0.wp.com\/cifetv.up-cife.com\/wp-content\/uploads\/2023\/09\/flamenco-110x69-1.png?fit=110%2C69&amp;ssl=1\" class=\"movsie-slide-gallery-image\" alt=\"\" decoding=\"async\" loading=\"lazy\" srcset=\"https:\/\/i0.wp.com\/cifetv.up-cife.com\/wp-content\/uploads\/2023\/09\/flamenco-110x69-1.png?w=110&amp;ssl=1 110w, https:\/\/i0.wp.com\/cifetv.up-cife.com\/wp-content\/uploads\/2023\/09\/flamenco-110x69-1.png?resize=24%2C15&amp;ssl=1 24w, https:\/\/i0.wp.com\/cifetv.up-cife.com\/wp-content\/uploads\/2023\/09\/flamenco-110x69-1.png?resize=36%2C23&amp;ssl=1 36w, https:\/\/i0.wp.com\/cifetv.up-cife.com\/wp-content\/uploads\/2023\/09\/flamenco-110x69-1.png?resize=48%2C30&amp;ssl=1 48w\" sizes=\"(max-width: 110px) 100vw, 110px\" \/>                                            <\/figure><figure class=\"movie-slide-gallery-image\" data-thumb=\"4\">\n                                                <img width=\"110\" height=\"69\" src=\"https:\/\/i0.wp.com\/cifetv.up-cife.com\/wp-content\/uploads\/2023\/05\/thumbnail-slider-peneque.webp?fit=110%2C69&amp;ssl=1\" class=\"movsie-slide-gallery-image\" alt=\"\" decoding=\"async\" loading=\"lazy\" srcset=\"https:\/\/i0.wp.com\/cifetv.up-cife.com\/wp-content\/uploads\/2023\/05\/thumbnail-slider-peneque.webp?w=110&amp;ssl=1 110w, https:\/\/i0.wp.com\/cifetv.up-cife.com\/wp-content\/uploads\/2023\/05\/thumbnail-slider-peneque.webp?resize=24%2C15&amp;ssl=1 24w, https:\/\/i0.wp.com\/cifetv.up-cife.com\/wp-content\/uploads\/2023\/05\/thumbnail-slider-peneque.webp?resize=36%2C23&amp;ssl=1 36w, https:\/\/i0.wp.com\/cifetv.up-cife.com\/wp-content\/uploads\/2023\/05\/thumbnail-slider-peneque.webp?resize=48%2C30&amp;ssl=1 48w\" sizes=\"(max-width: 110px) 100vw, 110px\" \/>                                            <\/figure>                            <\/div>\n                        <\/div>\n                    <\/div>\n                <\/div>\n\n<section id=\"section-movies-carousel-aside-header-69f12fb420166\" class=\"home-section section-movies-carousel-aside-header has-section-header has-bg-color dark header-right\"  style=\"padding-bottom: 9px; padding-top: 60px; \">\n                <div class=\"container\">\n                                        <div class=\"section-movies-carousel-aside-header__inner\">\n                        <header class=\"home-section__header section-movies-carousel-aside-header__header\"><h2 class=\"home-section__title\">Las Lavanderas <br>\u00abEl Febrero\u00bb<\/h2><div class=\"section-movies-carousel-aside-header__custom-arrows\"><\/div><div class=\"home-section__action\"><a href=\"https:\/\/cifetv.up-cife.com\/?post_type=movie&#038;filter_genre=lavanderas&#038;query_type_genre=or\" class=\"home-section__action-link\">Ver todo<\/a><\/div><\/header>\n                        <div class=\"section-movies-carousel__carousel\">\n                            <div class=\"movies-carousel__inner\" data-ride=\"vodi-slick-carousel\" data-wrap=\".movies__inner\" data-slick=\"{&quot;slidesToShow&quot;:6,&quot;slidesToScroll&quot;:1,&quot;dots&quot;:false,&quot;arrows&quot;:true,&quot;autoplay&quot;:false,&quot;infinite&quot;:true,&quot;responsive&quot;:[{&quot;breakpoint&quot;:768,&quot;settings&quot;:{&quot;slidesToShow&quot;:2,&quot;slidesToScroll&quot;:1}},{&quot;breakpoint&quot;:992,&quot;settings&quot;:{&quot;slidesToShow&quot;:3,&quot;slidesToScroll&quot;:1}},{&quot;breakpoint&quot;:1200,&quot;settings&quot;:{&quot;slidesToShow&quot;:4,&quot;slidesToScroll&quot;:1}}],&quot;appendArrows&quot;:&quot;#section-movies-carousel-aside-header-69f12fb420166 .section-movies-carousel-aside-header__custom-arrows&quot;}\">\n                                    <div class=\"masvideos masvideos-movies \"><div class=\"movies columns-6\"><div class=\"movies__inner\"><div class=\"post-6144 movie type-movie status-publish has-post-thumbnail hentry movie_genre-clasico movie_genre-cultura movie_genre-en-directo movie_genre-lavanderas\">\n    <div class=\"movie__poster\"><a href=\"https:\/\/cifetv.up-cife.com\/?movie=en-directo-las-lavanderas-2\" class=\"masvideos-LoopMovie-link masvideos-loop-movie__link movie__link\"><img width=\"300\" height=\"450\" src=\"https:\/\/i0.wp.com\/cifetv.up-cife.com\/wp-content\/uploads\/2023\/02\/cartel-pelicula-directo-lavanderas.webp?resize=300%2C450&amp;ssl=1\" class=\"movie__poster--image\" alt=\"\" decoding=\"async\" loading=\"lazy\" srcset=\"https:\/\/i0.wp.com\/cifetv.up-cife.com\/wp-content\/uploads\/2023\/02\/cartel-pelicula-directo-lavanderas.webp?resize=300%2C450&amp;ssl=1 300w, https:\/\/i0.wp.com\/cifetv.up-cife.com\/wp-content\/uploads\/2023\/02\/cartel-pelicula-directo-lavanderas.webp?resize=150%2C225&amp;ssl=1 150w, https:\/\/i0.wp.com\/cifetv.up-cife.com\/wp-content\/uploads\/2023\/02\/cartel-pelicula-directo-lavanderas.webp?resize=15%2C24&amp;ssl=1 15w\" sizes=\"(max-width: 300px) 100vw, 300px\" \/><\/a><\/div><div class=\"movie__body\"><div class=\"movie__info\"><div class=\"movie__info--head\"><div class=\"movie__meta\"><span class=\"movie__meta--genre\"><a href=\"https:\/\/cifetv.up-cife.com\/?movie_genre=clasico\" rel=\"tag\">Cl\u00e1sico<\/a>, <a href=\"https:\/\/cifetv.up-cife.com\/?movie_genre=cultura\" rel=\"tag\">Cultura<\/a>, <a href=\"https:\/\/cifetv.up-cife.com\/?movie_genre=en-directo\" rel=\"tag\">En directo<\/a>, <a href=\"https:\/\/cifetv.up-cife.com\/?movie_genre=lavanderas\" rel=\"tag\">Lavanderas<\/a><\/span><\/div><a href=\"https:\/\/cifetv.up-cife.com\/?movie=en-directo-las-lavanderas-2\" class=\"masvideos-LoopMovie-link masvideos-loop-movie__link movie__link\"><h3 class=\"masvideos-loop-movie__title  movie__title\">En directo:<br>Las Lavanderas<\/h3><\/a><\/div><div class=\"movie__actions\"><a href=\"https:\/\/cifetv.up-cife.com\/?movie=en-directo-las-lavanderas-2\" class=\"movie-actions--link_watch\">Ver ahora<\/a><\/div><\/div><div class=\"movie__review-info\"><div class=\"viewers-count\"><\/div><\/div><\/div><\/div>\n<div class=\"post-6013 movie type-movie status-publish has-post-thumbnail hentry movie_genre-clasico movie_genre-cultura movie_genre-lavanderas\">\n    <div class=\"movie__poster\"><a href=\"https:\/\/cifetv.up-cife.com\/?movie=las-lavanderas\" class=\"masvideos-LoopMovie-link masvideos-loop-movie__link movie__link\"><img width=\"300\" height=\"450\" src=\"https:\/\/i0.wp.com\/cifetv.up-cife.com\/wp-content\/uploads\/2023\/02\/cartel-pelicula-lavanderas.webp?resize=300%2C450&amp;ssl=1\" class=\"movie__poster--image\" alt=\"\" decoding=\"async\" loading=\"lazy\" srcset=\"https:\/\/i0.wp.com\/cifetv.up-cife.com\/wp-content\/uploads\/2023\/02\/cartel-pelicula-lavanderas.webp?resize=300%2C450&amp;ssl=1 300w, https:\/\/i0.wp.com\/cifetv.up-cife.com\/wp-content\/uploads\/2023\/02\/cartel-pelicula-lavanderas.webp?resize=150%2C225&amp;ssl=1 150w, https:\/\/i0.wp.com\/cifetv.up-cife.com\/wp-content\/uploads\/2023\/02\/cartel-pelicula-lavanderas.webp?resize=15%2C24&amp;ssl=1 15w\" sizes=\"(max-width: 300px) 100vw, 300px\" \/><\/a><\/div><div class=\"movie__body\"><div class=\"movie__info\"><div class=\"movie__info--head\"><div class=\"movie__meta\"><span class=\"movie__meta--genre\"><a href=\"https:\/\/cifetv.up-cife.com\/?movie_genre=clasico\" rel=\"tag\">Cl\u00e1sico<\/a>, <a href=\"https:\/\/cifetv.up-cife.com\/?movie_genre=cultura\" rel=\"tag\">Cultura<\/a>, <a href=\"https:\/\/cifetv.up-cife.com\/?movie_genre=lavanderas\" rel=\"tag\">Lavanderas<\/a><\/span><\/div><a href=\"https:\/\/cifetv.up-cife.com\/?movie=las-lavanderas\" class=\"masvideos-LoopMovie-link masvideos-loop-movie__link movie__link\"><h3 class=\"masvideos-loop-movie__title  movie__title\">Las Lavanderas<\/h3><\/a><\/div><div class=\"movie__actions\"><a href=\"https:\/\/cifetv.up-cife.com\/?movie=las-lavanderas\" class=\"movie-actions--link_watch\">Ver ahora<\/a><\/div><\/div><div class=\"movie__review-info\"><div class=\"viewers-count\"><\/div><\/div><\/div><\/div>\n<div class=\"post-5978 movie type-movie status-publish has-post-thumbnail hentry movie_genre-clasico movie_genre-cultura movie_genre-lavanderas\">\n    <span class=\"movie__badge\"><span class=\"movie__badge--featured\">Estreno<\/span><\/span><div class=\"movie__poster\"><a href=\"https:\/\/cifetv.up-cife.com\/?movie=las-ultimas-lavanderas\" class=\"masvideos-LoopMovie-link masvideos-loop-movie__link movie__link\"><img width=\"300\" height=\"450\" src=\"https:\/\/i0.wp.com\/cifetv.up-cife.com\/wp-content\/uploads\/2023\/02\/cartel-pelicula-ultimas-lavanderas.webp?resize=300%2C450&amp;ssl=1\" class=\"movie__poster--image\" alt=\"\" decoding=\"async\" loading=\"lazy\" srcset=\"https:\/\/i0.wp.com\/cifetv.up-cife.com\/wp-content\/uploads\/2023\/02\/cartel-pelicula-ultimas-lavanderas.webp?resize=300%2C450&amp;ssl=1 300w, https:\/\/i0.wp.com\/cifetv.up-cife.com\/wp-content\/uploads\/2023\/02\/cartel-pelicula-ultimas-lavanderas.webp?resize=150%2C225&amp;ssl=1 150w, https:\/\/i0.wp.com\/cifetv.up-cife.com\/wp-content\/uploads\/2023\/02\/cartel-pelicula-ultimas-lavanderas.webp?resize=15%2C24&amp;ssl=1 15w\" sizes=\"(max-width: 300px) 100vw, 300px\" \/><\/a><\/div><div class=\"movie__body\"><div class=\"movie__info\"><div class=\"movie__info--head\"><div class=\"movie__meta\"><span class=\"movie__meta--genre\"><a href=\"https:\/\/cifetv.up-cife.com\/?movie_genre=clasico\" rel=\"tag\">Cl\u00e1sico<\/a>, <a href=\"https:\/\/cifetv.up-cife.com\/?movie_genre=cultura\" rel=\"tag\">Cultura<\/a>, <a href=\"https:\/\/cifetv.up-cife.com\/?movie_genre=lavanderas\" rel=\"tag\">Lavanderas<\/a><\/span><\/div><a href=\"https:\/\/cifetv.up-cife.com\/?movie=las-ultimas-lavanderas\" class=\"masvideos-LoopMovie-link masvideos-loop-movie__link movie__link\"><h3 class=\"masvideos-loop-movie__title  movie__title\">Las \u00faltimas Lavanderas<\/h3><\/a><\/div><div class=\"movie__actions\"><a href=\"https:\/\/cifetv.up-cife.com\/?movie=las-ultimas-lavanderas\" class=\"movie-actions--link_watch\">Ver ahora<\/a><\/div><\/div><div class=\"movie__review-info\"><div class=\"viewers-count\"><\/div><\/div><\/div><\/div>\n<div class=\"post-5977 movie type-movie status-publish has-post-thumbnail hentry movie_genre-clasico movie_genre-cultura movie_genre-lavanderas\">\n    <span class=\"movie__badge\"><span class=\"movie__badge--featured\">Estreno<\/span><\/span><div class=\"movie__poster\"><a href=\"https:\/\/cifetv.up-cife.com\/?movie=las-fiestas-del-febrero\" class=\"masvideos-LoopMovie-link masvideos-loop-movie__link movie__link\"><img width=\"300\" height=\"450\" src=\"https:\/\/i0.wp.com\/cifetv.up-cife.com\/wp-content\/uploads\/2023\/02\/cartel-pelicula-fiestas-febrero.webp?resize=300%2C450&amp;ssl=1\" class=\"movie__poster--image\" alt=\"\" decoding=\"async\" loading=\"lazy\" srcset=\"https:\/\/i0.wp.com\/cifetv.up-cife.com\/wp-content\/uploads\/2023\/02\/cartel-pelicula-fiestas-febrero.webp?resize=300%2C450&amp;ssl=1 300w, https:\/\/i0.wp.com\/cifetv.up-cife.com\/wp-content\/uploads\/2023\/02\/cartel-pelicula-fiestas-febrero.webp?resize=150%2C225&amp;ssl=1 150w, https:\/\/i0.wp.com\/cifetv.up-cife.com\/wp-content\/uploads\/2023\/02\/cartel-pelicula-fiestas-febrero.webp?resize=15%2C24&amp;ssl=1 15w\" sizes=\"(max-width: 300px) 100vw, 300px\" \/><\/a><\/div><div class=\"movie__body\"><div class=\"movie__info\"><div class=\"movie__info--head\"><div class=\"movie__meta\"><span class=\"movie__meta--genre\"><a href=\"https:\/\/cifetv.up-cife.com\/?movie_genre=clasico\" rel=\"tag\">Cl\u00e1sico<\/a>, <a href=\"https:\/\/cifetv.up-cife.com\/?movie_genre=cultura\" rel=\"tag\">Cultura<\/a>, <a href=\"https:\/\/cifetv.up-cife.com\/?movie_genre=lavanderas\" rel=\"tag\">Lavanderas<\/a><\/span><\/div><a href=\"https:\/\/cifetv.up-cife.com\/?movie=las-fiestas-del-febrero\" class=\"masvideos-LoopMovie-link masvideos-loop-movie__link movie__link\"><h3 class=\"masvideos-loop-movie__title  movie__title\">Las fiestas del Febrero<\/h3><\/a><\/div>        <div class=\"movie__short-description\">\n            <div>Nacimiento de la nueva fiesta del \u00abFebrero\u00bb Proceso de gestaci\u00f3n en el Aula de la Tercera Edad\r\n\r\nEn los a\u00f1os ochenta del siglo pasado las conocidas como Aulas de la Tercera Edad se integraron en las Universidades Populares\r\n\r\ncomenzando a tener una nueva vida y contenidos (tal y como nos informan Pilar Gonz\u00e1lez y Fernando Jim\u00e9nez Berrocal).\r\n\r\nHacia 1988, la de C\u00e1ceres, bajo la direcci\u00f3n de Pilar Gonz\u00e1lez, funcionaba atendiendo a las necesidades de alfabetizaci\u00f3n y\r\n\r\ncultura general de los mayores, organizada en tres talleres: Corte y Confecci\u00f3n (coordinado por Mercedes Fragoso), Cocina (por Pilar Gonz\u00e1lez) y\r\n\r\nTaller de Historia Oral (por Fernando Jim\u00e9nez Berrocal). En este \u00faltimo, de Historia Oral, se inici\u00f3 en ese a\u00f1o de 1988 un interesante proyecto\r\n\r\nde recuperaci\u00f3n de las tradiciones a trav\u00e9s del recurso de la memoria de las personas participantes en el taller.\r\n\r\n\u00abActivar la memoria\u00bb de los participantes era la idea prioritaria, seg\u00fan Jim\u00e9nez Berrocal. Se pretend\u00eda, a la vez, recuperar tradiciones populares de la ciudad; en este caso, la tradici\u00f3n de las lavanderas y sus fiestas. La experiencia resulta muy interesante tanto por su metodolog\u00eda como por sus resultados. Los participantes se constituyen a la vez en objeto de estudio y en sujeto protagonista del mismo. Supone, por tanto, un reconocimiento a los miembros del grupo que, saliendo de esa situaci\u00f3n de anonimato, pueden, a trav\u00e9s de sus recuerdos, aportar y compartir realidades, vivencias, situaciones y tradiciones de las que no hay constancia escrita. Y no la hay, debido a la irrelevancia social de este grupo profesional de las lavanderas y y de su trabajo en aquellos a\u00f1os. La investigaci\u00f3n, en palabras de Maurizio Catani (2002), permiti\u00f3 \u00abbosquejar una parte de la cultura material y simb\u00f3lica de la ciudad en el primer tercio del siglo\u00bb.<\/div>        <\/div>\n\n        <div class=\"movie__actions\"><a href=\"https:\/\/cifetv.up-cife.com\/?movie=las-fiestas-del-febrero\" class=\"movie-actions--link_watch\">Ver ahora<\/a><\/div><\/div><div class=\"movie__review-info\"><div class=\"viewers-count\"><\/div><\/div><\/div><\/div>\n<\/div><\/div><\/div>                            <\/div>\n                        <\/div>\n                    <\/div>\n                <\/div>\n            <\/section>\n\n<section id=\"section-movies-carousel-aside-header-69f12fb422c65\" class=\"home-section section-movies-carousel-aside-header has-section-header has-bg-color dark more-dark\"  style=\"padding-top: 59px; padding-bottom: 18px; \">\n                <div class=\"container\">\n                                        <div class=\"section-movies-carousel-aside-header__inner\">\n                        <header class=\"home-section__header section-movies-carousel-aside-header__header\"><h2 class=\"home-section__title\">Estrenos<\/h2><div class=\"section-movies-carousel-aside-header__custom-arrows\"><\/div><div class=\"home-section__action\"><a href=\"https:\/\/cifetv.up-cife.com\/?movie_genre=en-directo\" class=\"home-section__action-link\">Ver todo<\/a><\/div><\/header>\n                        <div class=\"section-movies-carousel__carousel\">\n                            <div class=\"movies-carousel__inner\" data-ride=\"vodi-slick-carousel\" data-wrap=\".movies__inner\" data-slick=\"{&quot;slidesToShow&quot;:6,&quot;slidesToScroll&quot;:1,&quot;dots&quot;:false,&quot;arrows&quot;:true,&quot;autoplay&quot;:false,&quot;infinite&quot;:true,&quot;responsive&quot;:[{&quot;breakpoint&quot;:768,&quot;settings&quot;:{&quot;slidesToShow&quot;:2,&quot;slidesToScroll&quot;:1}},{&quot;breakpoint&quot;:992,&quot;settings&quot;:{&quot;slidesToShow&quot;:3,&quot;slidesToScroll&quot;:1}},{&quot;breakpoint&quot;:1200,&quot;settings&quot;:{&quot;slidesToShow&quot;:4,&quot;slidesToScroll&quot;:1}}],&quot;appendArrows&quot;:&quot;#section-movies-carousel-aside-header-69f12fb422c65 .section-movies-carousel-aside-header__custom-arrows&quot;}\">\n                                    <div class=\"masvideos masvideos-movies \"><div class=\"movies columns-6\"><div class=\"movies__inner\"><div class=\"post-6364 movie type-movie status-publish has-post-thumbnail hentry movie_genre-clasico movie_genre-cultura movie_genre-en-directo movie_tag-ayto\">\n    <span class=\"movie__badge\"><span class=\"movie__badge--featured\">Estreno<\/span><\/span><div class=\"movie__poster\"><a href=\"https:\/\/cifetv.up-cife.com\/?movie=novenaria\" class=\"masvideos-LoopMovie-link masvideos-loop-movie__link movie__link\"><img width=\"300\" height=\"450\" src=\"https:\/\/i0.wp.com\/cifetv.up-cife.com\/wp-content\/uploads\/2023\/04\/cartel-pelicula-novenario.webp?resize=300%2C450&amp;ssl=1\" class=\"movie__poster--image\" alt=\"\" decoding=\"async\" loading=\"lazy\" srcset=\"https:\/\/i0.wp.com\/cifetv.up-cife.com\/wp-content\/uploads\/2023\/04\/cartel-pelicula-novenario.webp?resize=300%2C450&amp;ssl=1 300w, https:\/\/i0.wp.com\/cifetv.up-cife.com\/wp-content\/uploads\/2023\/04\/cartel-pelicula-novenario.webp?resize=150%2C225&amp;ssl=1 150w, https:\/\/i0.wp.com\/cifetv.up-cife.com\/wp-content\/uploads\/2023\/04\/cartel-pelicula-novenario.webp?resize=15%2C24&amp;ssl=1 15w\" sizes=\"(max-width: 300px) 100vw, 300px\" \/><\/a><\/div><div class=\"movie__body\"><div class=\"movie__info\"><div class=\"movie__info--head\"><div class=\"movie__meta\"><span class=\"movie__meta--release-year\">2023<\/span><span class=\"movie__meta--genre\"><a href=\"https:\/\/cifetv.up-cife.com\/?movie_genre=clasico\" rel=\"tag\">Cl\u00e1sico<\/a>, <a href=\"https:\/\/cifetv.up-cife.com\/?movie_genre=cultura\" rel=\"tag\">Cultura<\/a>, <a href=\"https:\/\/cifetv.up-cife.com\/?movie_genre=en-directo\" rel=\"tag\">En directo<\/a><\/span><\/div><a href=\"https:\/\/cifetv.up-cife.com\/?movie=novenaria\" class=\"masvideos-LoopMovie-link masvideos-loop-movie__link movie__link\"><h3 class=\"masvideos-loop-movie__title  movie__title\">Novenario a nuestra se\u00f1ora la sant\u00edsima <br> Virgen De La Monta\u00f1a<\/h3><\/a><\/div><div class=\"movie__actions\"><a href=\"https:\/\/cifetv.up-cife.com\/?movie=novenaria\" class=\"movie-actions--link_watch\">Ver ahora<\/a><\/div><\/div><div class=\"movie__review-info\"><div class=\"viewers-count\"><\/div><\/div><\/div><\/div>\n<div class=\"post-6344 movie type-movie status-publish has-post-thumbnail hentry movie_genre-en-directo movie_tag-ayto\">\n    <span class=\"movie__badge\"><span class=\"movie__badge--featured\">Estreno<\/span><\/span><div class=\"movie__poster\"><a href=\"https:\/\/cifetv.up-cife.com\/?movie=en-directo-san-jorge-barrio-a-barrio-camino-una-terapia-de-leyenda\" class=\"masvideos-LoopMovie-link masvideos-loop-movie__link movie__link\"><img width=\"300\" height=\"450\" src=\"https:\/\/i0.wp.com\/cifetv.up-cife.com\/wp-content\/uploads\/2023\/04\/cartel-pelicula-san-jorge.webp?resize=300%2C450&amp;ssl=1\" class=\"movie__poster--image\" alt=\"\" decoding=\"async\" loading=\"lazy\" srcset=\"https:\/\/i0.wp.com\/cifetv.up-cife.com\/wp-content\/uploads\/2023\/04\/cartel-pelicula-san-jorge.webp?resize=300%2C450&amp;ssl=1 300w, https:\/\/i0.wp.com\/cifetv.up-cife.com\/wp-content\/uploads\/2023\/04\/cartel-pelicula-san-jorge.webp?resize=150%2C225&amp;ssl=1 150w, https:\/\/i0.wp.com\/cifetv.up-cife.com\/wp-content\/uploads\/2023\/04\/cartel-pelicula-san-jorge.webp?resize=15%2C24&amp;ssl=1 15w\" sizes=\"(max-width: 300px) 100vw, 300px\" \/><\/a><\/div><div class=\"movie__body\"><div class=\"movie__info\"><div class=\"movie__info--head\"><div class=\"movie__meta\"><span class=\"movie__meta--release-year\">2023<\/span><span class=\"movie__meta--genre\"><a href=\"https:\/\/cifetv.up-cife.com\/?movie_genre=en-directo\" rel=\"tag\">En directo<\/a><\/span><\/div><a href=\"https:\/\/cifetv.up-cife.com\/?movie=en-directo-san-jorge-barrio-a-barrio-camino-una-terapia-de-leyenda\" class=\"masvideos-LoopMovie-link masvideos-loop-movie__link movie__link\"><h3 class=\"masvideos-loop-movie__title  movie__title\">En directo: San Jorge, barrio a barrio.<br>\u2018Camino, una terapia de leyenda\u2019<\/h3><\/a><\/div><div class=\"movie__actions\"><a href=\"https:\/\/cifetv.up-cife.com\/?movie=en-directo-san-jorge-barrio-a-barrio-camino-una-terapia-de-leyenda\" class=\"movie-actions--link_watch\">Ver ahora<\/a><\/div><\/div><div class=\"movie__review-info\"><div class=\"viewers-count\"><\/div><\/div><\/div><\/div>\n<div class=\"post-6337 movie type-movie status-publish has-post-thumbnail hentry movie_genre-en-directo movie_tag-ayto movie_tag-up\">\n    <span class=\"movie__badge\"><span class=\"movie__badge--featured\">Estreno<\/span><\/span><div class=\"movie__poster\"><a href=\"https:\/\/cifetv.up-cife.com\/?movie=en-directo-jornadas-emprendimiento\" class=\"masvideos-LoopMovie-link masvideos-loop-movie__link movie__link\"><img width=\"300\" height=\"450\" src=\"https:\/\/i0.wp.com\/cifetv.up-cife.com\/wp-content\/uploads\/2023\/04\/cartel-pelicula-jornadas-emprendimieno.webp?resize=300%2C450&amp;ssl=1\" class=\"movie__poster--image\" alt=\"\" decoding=\"async\" loading=\"lazy\" srcset=\"https:\/\/i0.wp.com\/cifetv.up-cife.com\/wp-content\/uploads\/2023\/04\/cartel-pelicula-jornadas-emprendimieno.webp?resize=300%2C450&amp;ssl=1 300w, https:\/\/i0.wp.com\/cifetv.up-cife.com\/wp-content\/uploads\/2023\/04\/cartel-pelicula-jornadas-emprendimieno.webp?resize=150%2C225&amp;ssl=1 150w, https:\/\/i0.wp.com\/cifetv.up-cife.com\/wp-content\/uploads\/2023\/04\/cartel-pelicula-jornadas-emprendimieno.webp?resize=15%2C24&amp;ssl=1 15w\" sizes=\"(max-width: 300px) 100vw, 300px\" \/><\/a><\/div><div class=\"movie__body\"><div class=\"movie__info\"><div class=\"movie__info--head\"><div class=\"movie__meta\"><span class=\"movie__meta--release-year\">2023<\/span><span class=\"movie__meta--genre\"><a href=\"https:\/\/cifetv.up-cife.com\/?movie_genre=en-directo\" rel=\"tag\">En directo<\/a><\/span><\/div><a href=\"https:\/\/cifetv.up-cife.com\/?movie=en-directo-jornadas-emprendimiento\" class=\"masvideos-LoopMovie-link masvideos-loop-movie__link movie__link\"><h3 class=\"masvideos-loop-movie__title  movie__title\">En directo: Jornadas emprendimiento.<\/h3><\/a><\/div><div class=\"movie__actions\"><a href=\"https:\/\/cifetv.up-cife.com\/?movie=en-directo-jornadas-emprendimiento\" class=\"movie-actions--link_watch\">Ver ahora<\/a><\/div><\/div><div class=\"movie__review-info\"><div class=\"viewers-count\"><\/div><\/div><\/div><\/div>\n<div class=\"post-6175 movie type-movie status-publish has-post-thumbnail hentry movie_genre-en-directo movie_tag-ayto movie_tag-imas\">\n    <span class=\"movie__badge\"><span class=\"movie__badge--featured\">Estreno<\/span><\/span><div class=\"movie__poster\"><a href=\"https:\/\/cifetv.up-cife.com\/?movie=i-jornada-de-bienestar-y-comunidad-en-clave-de-igualdad\" class=\"masvideos-LoopMovie-link masvideos-loop-movie__link movie__link\"><img width=\"300\" height=\"450\" src=\"https:\/\/i0.wp.com\/cifetv.up-cife.com\/wp-content\/uploads\/2023\/03\/cartel-pelicula-jornadas-igualdad.webp?resize=300%2C450&amp;ssl=1\" class=\"movie__poster--image\" alt=\"\" decoding=\"async\" loading=\"lazy\" srcset=\"https:\/\/i0.wp.com\/cifetv.up-cife.com\/wp-content\/uploads\/2023\/03\/cartel-pelicula-jornadas-igualdad.webp?resize=300%2C450&amp;ssl=1 300w, https:\/\/i0.wp.com\/cifetv.up-cife.com\/wp-content\/uploads\/2023\/03\/cartel-pelicula-jornadas-igualdad.webp?resize=150%2C225&amp;ssl=1 150w, https:\/\/i0.wp.com\/cifetv.up-cife.com\/wp-content\/uploads\/2023\/03\/cartel-pelicula-jornadas-igualdad.webp?resize=15%2C24&amp;ssl=1 15w\" sizes=\"(max-width: 300px) 100vw, 300px\" \/><\/a><\/div><div class=\"movie__body\"><div class=\"movie__info\"><div class=\"movie__info--head\"><div class=\"movie__meta\"><span class=\"movie__meta--release-year\">2023<\/span><span class=\"movie__meta--genre\"><a href=\"https:\/\/cifetv.up-cife.com\/?movie_genre=en-directo\" rel=\"tag\">En directo<\/a><\/span><\/div><a href=\"https:\/\/cifetv.up-cife.com\/?movie=i-jornada-de-bienestar-y-comunidad-en-clave-de-igualdad\" class=\"masvideos-LoopMovie-link masvideos-loop-movie__link movie__link\"><h3 class=\"masvideos-loop-movie__title  movie__title\">En directo: I Jornada de Bienestar <br> y Comunidad en Clave de Igualdad<\/h3><\/a><\/div><div class=\"movie__actions\"><a href=\"https:\/\/cifetv.up-cife.com\/?movie=i-jornada-de-bienestar-y-comunidad-en-clave-de-igualdad\" class=\"movie-actions--link_watch\">Ver ahora<\/a><\/div><\/div><div class=\"movie__review-info\"><div class=\"viewers-count\"><\/div><\/div><\/div><\/div>\n<div class=\"post-6172 movie type-movie status-publish has-post-thumbnail hentry movie_genre-en-directo movie_tag-ayto\">\n    <span class=\"movie__badge\"><span class=\"movie__badge--featured\">Estreno<\/span><\/span><div class=\"movie__poster\"><a href=\"https:\/\/cifetv.up-cife.com\/?movie=international-congress-lll-fungi\" class=\"masvideos-LoopMovie-link masvideos-loop-movie__link movie__link\"><img width=\"300\" height=\"450\" src=\"https:\/\/i0.wp.com\/cifetv.up-cife.com\/wp-content\/uploads\/2023\/03\/cartel-pelicula-micologia-1.webp?resize=300%2C450&amp;ssl=1\" class=\"movie__poster--image\" alt=\"\" decoding=\"async\" loading=\"lazy\" srcset=\"https:\/\/i0.wp.com\/cifetv.up-cife.com\/wp-content\/uploads\/2023\/03\/cartel-pelicula-micologia-1.webp?resize=300%2C450&amp;ssl=1 300w, https:\/\/i0.wp.com\/cifetv.up-cife.com\/wp-content\/uploads\/2023\/03\/cartel-pelicula-micologia-1.webp?resize=150%2C225&amp;ssl=1 150w, https:\/\/i0.wp.com\/cifetv.up-cife.com\/wp-content\/uploads\/2023\/03\/cartel-pelicula-micologia-1.webp?resize=15%2C24&amp;ssl=1 15w\" sizes=\"(max-width: 300px) 100vw, 300px\" \/><\/a><\/div><div class=\"movie__body\"><div class=\"movie__info\"><div class=\"movie__info--head\"><div class=\"movie__meta\"><span class=\"movie__meta--release-year\">2023<\/span><span class=\"movie__meta--genre\"><a href=\"https:\/\/cifetv.up-cife.com\/?movie_genre=en-directo\" rel=\"tag\">En directo<\/a><\/span><\/div><a href=\"https:\/\/cifetv.up-cife.com\/?movie=international-congress-lll-fungi\" class=\"masvideos-LoopMovie-link masvideos-loop-movie__link movie__link\"><h3 class=\"masvideos-loop-movie__title  movie__title\">En directo: International <br>Congress LLL-FUNGI<\/h3><\/a><\/div>        <div class=\"movie__short-description\">\n            <div><p>Congreso internacional <strong>\u00abBuenas Pr\u00e1cticas de Aprovechamiento de Hongos para la Lucha Inclusiva contra el Cambio Clim\u00e1tico\u00bb<\/strong>.<\/p>\r\n<p>En directo: <strong>Good practices in the use of mushrooms for the inclusive international congress<\/strong><\/p>\r\n<p><a href=\"https:\/\/www.youtube.com\/playlist?list=PLYhvmrlje3VDsj4dq7bLhfOfb__VdIi58\">Haz click aqu\u00ed para acceder a la lista de reproducci\u00f3n.<\/a><\/p><\/div>        <\/div>\n\n        <div class=\"movie__actions\"><a href=\"https:\/\/cifetv.up-cife.com\/?movie=international-congress-lll-fungi\" class=\"movie-actions--link_watch\">Ver ahora<\/a><\/div><\/div><div class=\"movie__review-info\"><div class=\"viewers-count\"><\/div><\/div><\/div><\/div>\n<div class=\"post-5977 movie type-movie status-publish has-post-thumbnail hentry movie_genre-clasico movie_genre-cultura movie_genre-lavanderas\">\n    <span class=\"movie__badge\"><span class=\"movie__badge--featured\">Estreno<\/span><\/span><div class=\"movie__poster\"><a href=\"https:\/\/cifetv.up-cife.com\/?movie=las-fiestas-del-febrero\" class=\"masvideos-LoopMovie-link masvideos-loop-movie__link movie__link\"><img width=\"300\" height=\"450\" src=\"https:\/\/i0.wp.com\/cifetv.up-cife.com\/wp-content\/uploads\/2023\/02\/cartel-pelicula-fiestas-febrero.webp?resize=300%2C450&amp;ssl=1\" class=\"movie__poster--image\" alt=\"\" decoding=\"async\" loading=\"lazy\" srcset=\"https:\/\/i0.wp.com\/cifetv.up-cife.com\/wp-content\/uploads\/2023\/02\/cartel-pelicula-fiestas-febrero.webp?resize=300%2C450&amp;ssl=1 300w, https:\/\/i0.wp.com\/cifetv.up-cife.com\/wp-content\/uploads\/2023\/02\/cartel-pelicula-fiestas-febrero.webp?resize=150%2C225&amp;ssl=1 150w, https:\/\/i0.wp.com\/cifetv.up-cife.com\/wp-content\/uploads\/2023\/02\/cartel-pelicula-fiestas-febrero.webp?resize=15%2C24&amp;ssl=1 15w\" sizes=\"(max-width: 300px) 100vw, 300px\" \/><\/a><\/div><div class=\"movie__body\"><div class=\"movie__info\"><div class=\"movie__info--head\"><div class=\"movie__meta\"><span class=\"movie__meta--genre\"><a href=\"https:\/\/cifetv.up-cife.com\/?movie_genre=clasico\" rel=\"tag\">Cl\u00e1sico<\/a>, <a href=\"https:\/\/cifetv.up-cife.com\/?movie_genre=cultura\" rel=\"tag\">Cultura<\/a>, <a href=\"https:\/\/cifetv.up-cife.com\/?movie_genre=lavanderas\" rel=\"tag\">Lavanderas<\/a><\/span><\/div><a href=\"https:\/\/cifetv.up-cife.com\/?movie=las-fiestas-del-febrero\" class=\"masvideos-LoopMovie-link masvideos-loop-movie__link movie__link\"><h3 class=\"masvideos-loop-movie__title  movie__title\">Las fiestas del Febrero<\/h3><\/a><\/div>        <div class=\"movie__short-description\">\n            <div>Nacimiento de la nueva fiesta del \u00abFebrero\u00bb Proceso de gestaci\u00f3n en el Aula de la Tercera Edad\r\n\r\nEn los a\u00f1os ochenta del siglo pasado las conocidas como Aulas de la Tercera Edad se integraron en las Universidades Populares\r\n\r\ncomenzando a tener una nueva vida y contenidos (tal y como nos informan Pilar Gonz\u00e1lez y Fernando Jim\u00e9nez Berrocal).\r\n\r\nHacia 1988, la de C\u00e1ceres, bajo la direcci\u00f3n de Pilar Gonz\u00e1lez, funcionaba atendiendo a las necesidades de alfabetizaci\u00f3n y\r\n\r\ncultura general de los mayores, organizada en tres talleres: Corte y Confecci\u00f3n (coordinado por Mercedes Fragoso), Cocina (por Pilar Gonz\u00e1lez) y\r\n\r\nTaller de Historia Oral (por Fernando Jim\u00e9nez Berrocal). En este \u00faltimo, de Historia Oral, se inici\u00f3 en ese a\u00f1o de 1988 un interesante proyecto\r\n\r\nde recuperaci\u00f3n de las tradiciones a trav\u00e9s del recurso de la memoria de las personas participantes en el taller.\r\n\r\n\u00abActivar la memoria\u00bb de los participantes era la idea prioritaria, seg\u00fan Jim\u00e9nez Berrocal. Se pretend\u00eda, a la vez, recuperar tradiciones populares de la ciudad; en este caso, la tradici\u00f3n de las lavanderas y sus fiestas. La experiencia resulta muy interesante tanto por su metodolog\u00eda como por sus resultados. Los participantes se constituyen a la vez en objeto de estudio y en sujeto protagonista del mismo. Supone, por tanto, un reconocimiento a los miembros del grupo que, saliendo de esa situaci\u00f3n de anonimato, pueden, a trav\u00e9s de sus recuerdos, aportar y compartir realidades, vivencias, situaciones y tradiciones de las que no hay constancia escrita. Y no la hay, debido a la irrelevancia social de este grupo profesional de las lavanderas y y de su trabajo en aquellos a\u00f1os. La investigaci\u00f3n, en palabras de Maurizio Catani (2002), permiti\u00f3 \u00abbosquejar una parte de la cultura material y simb\u00f3lica de la ciudad en el primer tercio del siglo\u00bb.<\/div>        <\/div>\n\n        <div class=\"movie__actions\"><a href=\"https:\/\/cifetv.up-cife.com\/?movie=las-fiestas-del-febrero\" class=\"movie-actions--link_watch\">Ver ahora<\/a><\/div><\/div><div class=\"movie__review-info\"><div class=\"viewers-count\"><\/div><\/div><\/div><\/div>\n<\/div><\/div><\/div>                            <\/div>\n                        <\/div>\n                    <\/div>\n                <\/div>\n            <\/section>\n\n<section id=\"section-movies-carousel-aside-header-69f12fb4261bc\" class=\"home-section section-movies-carousel-aside-header has-section-header has-bg-color dark header-right\"  style=\"padding-bottom: 9px; padding-top: 24px; \">\n                <div class=\"container\">\n                                        <div class=\"section-movies-carousel-aside-header__inner\">\n                        <header class=\"home-section__header section-movies-carousel-aside-header__header\"><h2 class=\"home-section__title\">Directos<\/h2><div class=\"section-movies-carousel-aside-header__custom-arrows\"><\/div><div class=\"home-section__action\"><a href=\"https:\/\/cifetv.up-cife.com\/?post_type=movie&#038;filter_genre=en-directo&#038;query_type_genre=or\" class=\"home-section__action-link\">Ver todo<\/a><\/div><\/header>\n                        <div class=\"section-movies-carousel__carousel\">\n                            <div class=\"movies-carousel__inner\" data-ride=\"vodi-slick-carousel\" data-wrap=\".movies__inner\" data-slick=\"{&quot;slidesToShow&quot;:6,&quot;slidesToScroll&quot;:2,&quot;dots&quot;:false,&quot;arrows&quot;:true,&quot;autoplay&quot;:false,&quot;infinite&quot;:true,&quot;responsive&quot;:[{&quot;breakpoint&quot;:768,&quot;settings&quot;:{&quot;slidesToShow&quot;:2,&quot;slidesToScroll&quot;:1}},{&quot;breakpoint&quot;:992,&quot;settings&quot;:{&quot;slidesToShow&quot;:3,&quot;slidesToScroll&quot;:1}},{&quot;breakpoint&quot;:1200,&quot;settings&quot;:{&quot;slidesToShow&quot;:4,&quot;slidesToScroll&quot;:1}}],&quot;appendArrows&quot;:&quot;#section-movies-carousel-aside-header-69f12fb4261bc .section-movies-carousel-aside-header__custom-arrows&quot;}\">\n                                    <div class=\"masvideos masvideos-movies \"><div class=\"movies columns-6\"><div class=\"movies__inner\"><div class=\"post-6364 movie type-movie status-publish has-post-thumbnail hentry movie_genre-clasico movie_genre-cultura movie_genre-en-directo movie_tag-ayto\">\n    <span class=\"movie__badge\"><span class=\"movie__badge--featured\">Estreno<\/span><\/span><div class=\"movie__poster\"><a href=\"https:\/\/cifetv.up-cife.com\/?movie=novenaria\" class=\"masvideos-LoopMovie-link masvideos-loop-movie__link movie__link\"><img width=\"300\" height=\"450\" src=\"https:\/\/i0.wp.com\/cifetv.up-cife.com\/wp-content\/uploads\/2023\/04\/cartel-pelicula-novenario.webp?resize=300%2C450&amp;ssl=1\" class=\"movie__poster--image\" alt=\"\" decoding=\"async\" loading=\"lazy\" srcset=\"https:\/\/i0.wp.com\/cifetv.up-cife.com\/wp-content\/uploads\/2023\/04\/cartel-pelicula-novenario.webp?resize=300%2C450&amp;ssl=1 300w, https:\/\/i0.wp.com\/cifetv.up-cife.com\/wp-content\/uploads\/2023\/04\/cartel-pelicula-novenario.webp?resize=150%2C225&amp;ssl=1 150w, https:\/\/i0.wp.com\/cifetv.up-cife.com\/wp-content\/uploads\/2023\/04\/cartel-pelicula-novenario.webp?resize=15%2C24&amp;ssl=1 15w\" sizes=\"(max-width: 300px) 100vw, 300px\" \/><\/a><\/div><div class=\"movie__body\"><div class=\"movie__info\"><div class=\"movie__info--head\"><div class=\"movie__meta\"><span class=\"movie__meta--release-year\">2023<\/span><span class=\"movie__meta--genre\"><a href=\"https:\/\/cifetv.up-cife.com\/?movie_genre=clasico\" rel=\"tag\">Cl\u00e1sico<\/a>, <a href=\"https:\/\/cifetv.up-cife.com\/?movie_genre=cultura\" rel=\"tag\">Cultura<\/a>, <a href=\"https:\/\/cifetv.up-cife.com\/?movie_genre=en-directo\" rel=\"tag\">En directo<\/a><\/span><\/div><a href=\"https:\/\/cifetv.up-cife.com\/?movie=novenaria\" class=\"masvideos-LoopMovie-link masvideos-loop-movie__link movie__link\"><h3 class=\"masvideos-loop-movie__title  movie__title\">Novenario a nuestra se\u00f1ora la sant\u00edsima <br> Virgen De La Monta\u00f1a<\/h3><\/a><\/div><div class=\"movie__actions\"><a href=\"https:\/\/cifetv.up-cife.com\/?movie=novenaria\" class=\"movie-actions--link_watch\">Ver ahora<\/a><\/div><\/div><div class=\"movie__review-info\"><div class=\"viewers-count\"><\/div><\/div><\/div><\/div>\n<div class=\"post-6344 movie type-movie status-publish has-post-thumbnail hentry movie_genre-en-directo movie_tag-ayto\">\n    <span class=\"movie__badge\"><span class=\"movie__badge--featured\">Estreno<\/span><\/span><div class=\"movie__poster\"><a href=\"https:\/\/cifetv.up-cife.com\/?movie=en-directo-san-jorge-barrio-a-barrio-camino-una-terapia-de-leyenda\" class=\"masvideos-LoopMovie-link masvideos-loop-movie__link movie__link\"><img width=\"300\" height=\"450\" src=\"https:\/\/i0.wp.com\/cifetv.up-cife.com\/wp-content\/uploads\/2023\/04\/cartel-pelicula-san-jorge.webp?resize=300%2C450&amp;ssl=1\" class=\"movie__poster--image\" alt=\"\" decoding=\"async\" loading=\"lazy\" srcset=\"https:\/\/i0.wp.com\/cifetv.up-cife.com\/wp-content\/uploads\/2023\/04\/cartel-pelicula-san-jorge.webp?resize=300%2C450&amp;ssl=1 300w, https:\/\/i0.wp.com\/cifetv.up-cife.com\/wp-content\/uploads\/2023\/04\/cartel-pelicula-san-jorge.webp?resize=150%2C225&amp;ssl=1 150w, https:\/\/i0.wp.com\/cifetv.up-cife.com\/wp-content\/uploads\/2023\/04\/cartel-pelicula-san-jorge.webp?resize=15%2C24&amp;ssl=1 15w\" sizes=\"(max-width: 300px) 100vw, 300px\" \/><\/a><\/div><div class=\"movie__body\"><div class=\"movie__info\"><div class=\"movie__info--head\"><div class=\"movie__meta\"><span class=\"movie__meta--release-year\">2023<\/span><span class=\"movie__meta--genre\"><a href=\"https:\/\/cifetv.up-cife.com\/?movie_genre=en-directo\" rel=\"tag\">En directo<\/a><\/span><\/div><a href=\"https:\/\/cifetv.up-cife.com\/?movie=en-directo-san-jorge-barrio-a-barrio-camino-una-terapia-de-leyenda\" class=\"masvideos-LoopMovie-link masvideos-loop-movie__link movie__link\"><h3 class=\"masvideos-loop-movie__title  movie__title\">En directo: San Jorge, barrio a barrio.<br>\u2018Camino, una terapia de leyenda\u2019<\/h3><\/a><\/div><div class=\"movie__actions\"><a href=\"https:\/\/cifetv.up-cife.com\/?movie=en-directo-san-jorge-barrio-a-barrio-camino-una-terapia-de-leyenda\" class=\"movie-actions--link_watch\">Ver ahora<\/a><\/div><\/div><div class=\"movie__review-info\"><div class=\"viewers-count\"><\/div><\/div><\/div><\/div>\n<div class=\"post-6337 movie type-movie status-publish has-post-thumbnail hentry movie_genre-en-directo movie_tag-ayto movie_tag-up\">\n    <span class=\"movie__badge\"><span class=\"movie__badge--featured\">Estreno<\/span><\/span><div class=\"movie__poster\"><a href=\"https:\/\/cifetv.up-cife.com\/?movie=en-directo-jornadas-emprendimiento\" class=\"masvideos-LoopMovie-link masvideos-loop-movie__link movie__link\"><img width=\"300\" height=\"450\" src=\"https:\/\/i0.wp.com\/cifetv.up-cife.com\/wp-content\/uploads\/2023\/04\/cartel-pelicula-jornadas-emprendimieno.webp?resize=300%2C450&amp;ssl=1\" class=\"movie__poster--image\" alt=\"\" decoding=\"async\" loading=\"lazy\" srcset=\"https:\/\/i0.wp.com\/cifetv.up-cife.com\/wp-content\/uploads\/2023\/04\/cartel-pelicula-jornadas-emprendimieno.webp?resize=300%2C450&amp;ssl=1 300w, https:\/\/i0.wp.com\/cifetv.up-cife.com\/wp-content\/uploads\/2023\/04\/cartel-pelicula-jornadas-emprendimieno.webp?resize=150%2C225&amp;ssl=1 150w, https:\/\/i0.wp.com\/cifetv.up-cife.com\/wp-content\/uploads\/2023\/04\/cartel-pelicula-jornadas-emprendimieno.webp?resize=15%2C24&amp;ssl=1 15w\" sizes=\"(max-width: 300px) 100vw, 300px\" \/><\/a><\/div><div class=\"movie__body\"><div class=\"movie__info\"><div class=\"movie__info--head\"><div class=\"movie__meta\"><span class=\"movie__meta--release-year\">2023<\/span><span class=\"movie__meta--genre\"><a href=\"https:\/\/cifetv.up-cife.com\/?movie_genre=en-directo\" rel=\"tag\">En directo<\/a><\/span><\/div><a href=\"https:\/\/cifetv.up-cife.com\/?movie=en-directo-jornadas-emprendimiento\" class=\"masvideos-LoopMovie-link masvideos-loop-movie__link movie__link\"><h3 class=\"masvideos-loop-movie__title  movie__title\">En directo: Jornadas emprendimiento.<\/h3><\/a><\/div><div class=\"movie__actions\"><a href=\"https:\/\/cifetv.up-cife.com\/?movie=en-directo-jornadas-emprendimiento\" class=\"movie-actions--link_watch\">Ver ahora<\/a><\/div><\/div><div class=\"movie__review-info\"><div class=\"viewers-count\"><\/div><\/div><\/div><\/div>\n<div class=\"post-6200 movie type-movie status-publish has-post-thumbnail hentry movie_genre-en-directo movie_tag-ayto movie_tag-up\">\n    <span class=\"movie__badge\"><span class=\"movie__badge--featured\">Estreno<\/span><\/span><div class=\"movie__poster\"><a href=\"https:\/\/cifetv.up-cife.com\/?movie=seminario-experiencias-emprendedoras\" class=\"masvideos-LoopMovie-link masvideos-loop-movie__link movie__link\"><img width=\"300\" height=\"450\" src=\"https:\/\/i0.wp.com\/cifetv.up-cife.com\/wp-content\/uploads\/2023\/03\/cartel-pelicula-experiencias-emprendedoras-1.webp?resize=300%2C450&amp;ssl=1\" class=\"movie__poster--image\" alt=\"\" decoding=\"async\" loading=\"lazy\" srcset=\"https:\/\/i0.wp.com\/cifetv.up-cife.com\/wp-content\/uploads\/2023\/03\/cartel-pelicula-experiencias-emprendedoras-1.webp?resize=300%2C450&amp;ssl=1 300w, https:\/\/i0.wp.com\/cifetv.up-cife.com\/wp-content\/uploads\/2023\/03\/cartel-pelicula-experiencias-emprendedoras-1.webp?resize=150%2C225&amp;ssl=1 150w, https:\/\/i0.wp.com\/cifetv.up-cife.com\/wp-content\/uploads\/2023\/03\/cartel-pelicula-experiencias-emprendedoras-1.webp?resize=15%2C24&amp;ssl=1 15w\" sizes=\"(max-width: 300px) 100vw, 300px\" \/><\/a><\/div><div class=\"movie__body\"><div class=\"movie__info\"><div class=\"movie__info--head\"><div class=\"movie__meta\"><span class=\"movie__meta--release-year\">2023<\/span><span class=\"movie__meta--genre\"><a href=\"https:\/\/cifetv.up-cife.com\/?movie_genre=en-directo\" rel=\"tag\">En directo<\/a><\/span><\/div><a href=\"https:\/\/cifetv.up-cife.com\/?movie=seminario-experiencias-emprendedoras\" class=\"masvideos-LoopMovie-link masvideos-loop-movie__link movie__link\"><h3 class=\"masvideos-loop-movie__title  movie__title\">En directo: Proyecto EFESO <br>Seminario \u00abExperiencias emprendedoras\u00bb<\/h3><\/a><\/div><div class=\"movie__actions\"><a href=\"https:\/\/cifetv.up-cife.com\/?movie=seminario-experiencias-emprendedoras\" class=\"movie-actions--link_watch\">Ver ahora<\/a><\/div><\/div><div class=\"movie__review-info\"><div class=\"viewers-count\"><\/div><\/div><\/div><\/div>\n<div class=\"post-6172 movie type-movie status-publish has-post-thumbnail hentry movie_genre-en-directo movie_tag-ayto\">\n    <span class=\"movie__badge\"><span class=\"movie__badge--featured\">Estreno<\/span><\/span><div class=\"movie__poster\"><a href=\"https:\/\/cifetv.up-cife.com\/?movie=international-congress-lll-fungi\" class=\"masvideos-LoopMovie-link masvideos-loop-movie__link movie__link\"><img width=\"300\" height=\"450\" src=\"https:\/\/i0.wp.com\/cifetv.up-cife.com\/wp-content\/uploads\/2023\/03\/cartel-pelicula-micologia-1.webp?resize=300%2C450&amp;ssl=1\" class=\"movie__poster--image\" alt=\"\" decoding=\"async\" loading=\"lazy\" srcset=\"https:\/\/i0.wp.com\/cifetv.up-cife.com\/wp-content\/uploads\/2023\/03\/cartel-pelicula-micologia-1.webp?resize=300%2C450&amp;ssl=1 300w, https:\/\/i0.wp.com\/cifetv.up-cife.com\/wp-content\/uploads\/2023\/03\/cartel-pelicula-micologia-1.webp?resize=150%2C225&amp;ssl=1 150w, https:\/\/i0.wp.com\/cifetv.up-cife.com\/wp-content\/uploads\/2023\/03\/cartel-pelicula-micologia-1.webp?resize=15%2C24&amp;ssl=1 15w\" sizes=\"(max-width: 300px) 100vw, 300px\" \/><\/a><\/div><div class=\"movie__body\"><div class=\"movie__info\"><div class=\"movie__info--head\"><div class=\"movie__meta\"><span class=\"movie__meta--release-year\">2023<\/span><span class=\"movie__meta--genre\"><a href=\"https:\/\/cifetv.up-cife.com\/?movie_genre=en-directo\" rel=\"tag\">En directo<\/a><\/span><\/div><a href=\"https:\/\/cifetv.up-cife.com\/?movie=international-congress-lll-fungi\" class=\"masvideos-LoopMovie-link masvideos-loop-movie__link movie__link\"><h3 class=\"masvideos-loop-movie__title  movie__title\">En directo: International <br>Congress LLL-FUNGI<\/h3><\/a><\/div>        <div class=\"movie__short-description\">\n            <div><p>Congreso internacional <strong>\u00abBuenas Pr\u00e1cticas de Aprovechamiento de Hongos para la Lucha Inclusiva contra el Cambio Clim\u00e1tico\u00bb<\/strong>.<\/p>\r\n<p>En directo: <strong>Good practices in the use of mushrooms for the inclusive international congress<\/strong><\/p>\r\n<p><a href=\"https:\/\/www.youtube.com\/playlist?list=PLYhvmrlje3VDsj4dq7bLhfOfb__VdIi58\">Haz click aqu\u00ed para acceder a la lista de reproducci\u00f3n.<\/a><\/p><\/div>        <\/div>\n\n        <div class=\"movie__actions\"><a href=\"https:\/\/cifetv.up-cife.com\/?movie=international-congress-lll-fungi\" class=\"movie-actions--link_watch\">Ver ahora<\/a><\/div><\/div><div class=\"movie__review-info\"><div class=\"viewers-count\"><\/div><\/div><\/div><\/div>\n<div class=\"post-6144 movie type-movie status-publish has-post-thumbnail hentry movie_genre-clasico movie_genre-cultura movie_genre-en-directo movie_genre-lavanderas\">\n    <div class=\"movie__poster\"><a href=\"https:\/\/cifetv.up-cife.com\/?movie=en-directo-las-lavanderas-2\" class=\"masvideos-LoopMovie-link masvideos-loop-movie__link movie__link\"><img width=\"300\" height=\"450\" src=\"https:\/\/i0.wp.com\/cifetv.up-cife.com\/wp-content\/uploads\/2023\/02\/cartel-pelicula-directo-lavanderas.webp?resize=300%2C450&amp;ssl=1\" class=\"movie__poster--image\" alt=\"\" decoding=\"async\" loading=\"lazy\" srcset=\"https:\/\/i0.wp.com\/cifetv.up-cife.com\/wp-content\/uploads\/2023\/02\/cartel-pelicula-directo-lavanderas.webp?resize=300%2C450&amp;ssl=1 300w, https:\/\/i0.wp.com\/cifetv.up-cife.com\/wp-content\/uploads\/2023\/02\/cartel-pelicula-directo-lavanderas.webp?resize=150%2C225&amp;ssl=1 150w, https:\/\/i0.wp.com\/cifetv.up-cife.com\/wp-content\/uploads\/2023\/02\/cartel-pelicula-directo-lavanderas.webp?resize=15%2C24&amp;ssl=1 15w\" sizes=\"(max-width: 300px) 100vw, 300px\" \/><\/a><\/div><div class=\"movie__body\"><div class=\"movie__info\"><div class=\"movie__info--head\"><div class=\"movie__meta\"><span class=\"movie__meta--genre\"><a href=\"https:\/\/cifetv.up-cife.com\/?movie_genre=clasico\" rel=\"tag\">Cl\u00e1sico<\/a>, <a href=\"https:\/\/cifetv.up-cife.com\/?movie_genre=cultura\" rel=\"tag\">Cultura<\/a>, <a href=\"https:\/\/cifetv.up-cife.com\/?movie_genre=en-directo\" rel=\"tag\">En directo<\/a>, <a href=\"https:\/\/cifetv.up-cife.com\/?movie_genre=lavanderas\" rel=\"tag\">Lavanderas<\/a><\/span><\/div><a href=\"https:\/\/cifetv.up-cife.com\/?movie=en-directo-las-lavanderas-2\" class=\"masvideos-LoopMovie-link masvideos-loop-movie__link movie__link\"><h3 class=\"masvideos-loop-movie__title  movie__title\">En directo:<br>Las Lavanderas<\/h3><\/a><\/div><div class=\"movie__actions\"><a href=\"https:\/\/cifetv.up-cife.com\/?movie=en-directo-las-lavanderas-2\" class=\"movie-actions--link_watch\">Ver ahora<\/a><\/div><\/div><div class=\"movie__review-info\"><div class=\"viewers-count\"><\/div><\/div><\/div><\/div>\n<\/div><\/div><\/div>                            <\/div>\n                        <\/div>\n                    <\/div>\n                <\/div>\n            <\/section>\n\n\n<div class=\"is-content-justification-center is-nowrap is-layout-flex wp-container-1 wp-block-group alignfull has-background has-small-font-size\" style=\"background-color:#0c0e17\">\n<figure class=\"wp-block-image size-full is-resized\"><a href=\"https:\/\/www.ayto-caceres.es\/\" target=\"_blank\" rel=\"noreferrer noopener\"><img decoding=\"async\" loading=\"lazy\" src=\"https:\/\/cifetv.up-cife.com\/wp-content\/uploads\/2023\/02\/AYTO-CC-FOOTER.svg\" alt=\"\" class=\"wp-image-5861\" width=\"113\" height=\"113\"\/><\/a><\/figure>\n\n\n\n<figure class=\"wp-block-image size-full is-resized\"><a href=\"https:\/\/up.ayto-caceres.es\/\" target=\"_blank\" rel=\"noreferrer noopener\"><img decoding=\"async\" loading=\"lazy\" src=\"https:\/\/cifetv.up-cife.com\/wp-content\/uploads\/2023\/02\/UP-FOOTER.svg\" alt=\"\" class=\"wp-image-5868\" width=\"113\" height=\"113\"\/><\/a><\/figure>\n\n\n\n<figure class=\"wp-block-image size-full is-resized\"><a href=\"https:\/\/up.ayto-caceres.es\/\"><img decoding=\"async\" loading=\"lazy\" src=\"https:\/\/cifetv.up-cife.com\/wp-content\/uploads\/2023\/02\/CIFE-FOOTER.svg\" alt=\"\" class=\"wp-image-5863\" width=\"113\" height=\"113\"\/><\/a><\/figure>\n\n\n\n<figure class=\"wp-block-image size-full is-resized\"><a href=\"https:\/\/up.ayto-caceres.es\/destino-2\/\"><img decoding=\"async\" loading=\"lazy\" src=\"https:\/\/cifetv.up-cife.com\/wp-content\/uploads\/2023\/02\/DSTINO-II-FOOTER.svg\" alt=\"\" class=\"wp-image-5879\" width=\"113\" height=\"113\"\/><\/a><\/figure>\n\n\n\n<figure class=\"wp-block-image size-full is-resized\"><a href=\"https:\/\/extremaduratrabaja.juntaex.es\/\" target=\"_blank\" rel=\"noreferrer noopener\"><img decoding=\"async\" loading=\"lazy\" src=\"https:\/\/cifetv.up-cife.com\/wp-content\/uploads\/2023\/02\/SEXPE-FOOTER.svg\" alt=\"\" class=\"wp-image-5867\" width=\"113\" height=\"113\"\/><\/a><\/figure>\n\n\n\n<figure class=\"wp-block-image size-full is-resized\"><a href=\"https:\/\/extremaduratrabaja.juntaex.es\/descargar.php?modulo=documentos&amp;file=2236&amp;id_menu=846&amp;ssid=380B66I3HU\"><img decoding=\"async\" loading=\"lazy\" src=\"https:\/\/i0.wp.com\/cifetv.up-cife.com\/wp-content\/uploads\/2023\/02\/PLAN-EMPLEO-FOOTER-1.png?resize=141%2C81&#038;ssl=1\" alt=\"\" class=\"wp-image-6047\" width=\"141\" height=\"81\" srcset=\"https:\/\/i0.wp.com\/cifetv.up-cife.com\/wp-content\/uploads\/2023\/02\/PLAN-EMPLEO-FOOTER-1.png?w=174&amp;ssl=1 174w, https:\/\/i0.wp.com\/cifetv.up-cife.com\/wp-content\/uploads\/2023\/02\/PLAN-EMPLEO-FOOTER-1.png?resize=24%2C14&amp;ssl=1 24w, https:\/\/i0.wp.com\/cifetv.up-cife.com\/wp-content\/uploads\/2023\/02\/PLAN-EMPLEO-FOOTER-1.png?resize=36%2C21&amp;ssl=1 36w, https:\/\/i0.wp.com\/cifetv.up-cife.com\/wp-content\/uploads\/2023\/02\/PLAN-EMPLEO-FOOTER-1.png?resize=48%2C28&amp;ssl=1 48w\" sizes=\"(max-width: 141px) 100vw, 141px\" data-recalc-dims=\"1\" \/><\/a><\/figure>\n\n\n\n<figure class=\"wp-block-image size-full is-resized\"><a href=\"https:\/\/www.juntaex.es\/lajunta\/consejo-de-gobierno\/consejeria-de-educacion-y-empleo\" target=\"_blank\" rel=\"noreferrer noopener\"><img decoding=\"async\" loading=\"lazy\" src=\"https:\/\/cifetv.up-cife.com\/wp-content\/uploads\/2023\/02\/JUNTA-EXT-FOOTER.svg\" alt=\"\" class=\"wp-image-5864\" width=\"113\" height=\"113\"\/><\/a><\/figure>\n\n\n\n<figure class=\"wp-block-image size-full is-resized\"><a href=\"https:\/\/www.mites.gob.es\/\"><img decoding=\"async\" loading=\"lazy\" src=\"https:\/\/cifetv.up-cife.com\/wp-content\/uploads\/2023\/02\/SEPE-FOOTER-2.svg\" alt=\"\" class=\"wp-image-6066\" width=\"150\" height=\"40\"\/><\/a><\/figure>\n<\/div>\n","protected":false},"excerpt":{"rendered":"","protected":false},"author":1,"featured_media":0,"parent":0,"menu_order":0,"comment_status":"closed","ping_status":"closed","template":"","meta":[],"_links":{"self":[{"href":"https:\/\/cifetv.up-cife.com\/index.php?rest_route=\/wp\/v2\/pages\/343"}],"collection":[{"href":"https:\/\/cifetv.up-cife.com\/index.php?rest_route=\/wp\/v2\/pages"}],"about":[{"href":"https:\/\/cifetv.up-cife.com\/index.php?rest_route=\/wp\/v2\/types\/page"}],"author":[{"embeddable":true,"href":"https:\/\/cifetv.up-cife.com\/index.php?rest_route=\/wp\/v2\/users\/1"}],"replies":[{"embeddable":true,"href":"https:\/\/cifetv.up-cife.com\/index.php?rest_route=%2Fwp%2Fv2%2Fcomments&post=343"}],"version-history":[{"count":201,"href":"https:\/\/cifetv.up-cife.com\/index.php?rest_route=\/wp\/v2\/pages\/343\/revisions"}],"predecessor-version":[{"id":6511,"href":"https:\/\/cifetv.up-cife.com\/index.php?rest_route=\/wp\/v2\/pages\/343\/revisions\/6511"}],"wp:attachment":[{"href":"https:\/\/cifetv.up-cife.com\/index.php?rest_route=%2Fwp%2Fv2%2Fmedia&parent=343"}],"curies":[{"name":"wp","href":"https:\/\/api.w.org\/{rel}","templated":true}]}}